{"id":5555,"date":"2023-08-07T12:11:43","date_gmt":"2023-08-07T10:11:43","guid":{"rendered":"https:\/\/www.lca-sued.at\/?post_type=projekt&#038;p=5555"},"modified":"2024-05-28T09:22:39","modified_gmt":"2024-05-28T07:22:39","slug":"einzelwagenfoerderung-schaffen-wir-den-umstieg-auf-die-schiene","status":"publish","type":"projekt","link":"https:\/\/www.lca-sued.at\/sl\/projekt\/einzelwagenfoerderung-schaffen-wir-den-umstieg-auf-die-schiene\/","title":{"rendered":"Einzelwagenf\u00f6rderung &#8211; Schaffen wir den Umstieg auf die Schiene! &#8211; Aktuell ist keine Antragstellung m\u00f6glich"},"content":{"rendered":"<p class=\"text news-detail clearfix\">Der Trend ist klar erkennbar: es gibt immer mehr Commitment aller, im Sinne der Nachhaltigkeit zu agieren und den eigenen CO2-Fu\u00dfabdruck zu senken- im Privatleben wie auch in der Wirtschaft. Vor allem im globalen Handel sollen und werden k\u00fcnftig immer mehr Waren auf der Schiene transportiert werden. Die angestrebten Klimaziele und auch vorgegebene Nachhaltigkeitskriterien f\u00fcr die Unternehmen arbeiten darauf hin. Doch gerade der Transport mit Einzelwagen auf der Schiene ist oft f\u00fcr kleinere Betriebe finanziell nicht bew\u00e4ltigbar und sie transportieren daher ihre Waren weiterhin per LKW. Daher hat das Land K\u00e4rnten in Kooperation mit der Wirtschaftskammer K\u00e4rnten und der LCA Logistik Center Austria S\u00fcd GmbH (LCAS) eine neue Einzelwagenf\u00f6rderung ins Leben gerufen.<\/p>\n<ul>\n<li>Die Richtlinie tritt mit 1. August 2023 in Kraft und gilt vorerst bis zum 30. Juni 2024, es sei denn, die gesamten F\u00f6rdermittel in der H\u00f6he von \u20ac 240.000.- (1.000 Einzelwagen) sind schon vorher ersch\u00f6pft.<\/li>\n<li>F\u00f6rderungswerber sind Unternehmen, die in K\u00e4rnten ihren Firmensitz haben und entweder G\u00fcter \u00fcber die Schiene anliefern lassen oder deren G\u00fcter \u00fcber die Schiene abtransportiert werden. Der G\u00fctertransport muss mittels Einzelwagen erfolgen und kann \u00fcber private Anschlussbahnen oder \u00f6ffentliche Ladestellen abgewickelt werden.<\/li>\n<li>F\u00f6rderungsf\u00e4hig sind Einzelwagen im Schieneng\u00fcterverkehr, die zwischen 1. August 2023 und 30. Juni 2024 transportiert werden.<\/li>\n<li>Der Start- oder der Endpunkt des Einzelwagens muss innerhalb des Landes K\u00e4rnten liegen.<\/li>\n<li>Das Land gew\u00e4hrt einen Zuschuss in der H\u00f6he von \u20ac 240,- je transportiertem Einzelwagen (entweder An- oder Ablieferverkehr) an K\u00e4rntner Unternehmen.<\/li>\n<li>Der F\u00f6rderungswerber verpflichtet sich, den f\u00fcr die F\u00f6rderungskontrolle zust\u00e4ndigen Organen des Landes K\u00e4rnten, insbesondere auch dem K\u00e4rntner Landesrechnungshof sowie Beauftragten der F\u00f6rderungsstelle bzw. im Falle einer EU-Kofinanzierung Organen der Europ\u00e4ischen Kommission, die Einsichtnahme in die Gebarungsunterlagen zu gew\u00e4hren und einen entsprechenden Verwendungsnachweis rechtzeitig vorzulegen.<\/li>\n<li>Die Abwicklung der F\u00f6rderung erfolgt \u00fcber die LCA LOGISTIK CENTER Austria S\u00fcd GmbH. Das F\u00f6rderprogramm ist ab 1. August 2023 online unter <a class=\"\" href=\"https:\/\/www.lca-sued.at\/einzelwagenfoerderung\/\" target=\"_blank\" rel=\"noopener\" data-gentics-gcn-url=\"https:\/\/www.lca-sued.at\/\">https:\/\/www.lca-sued.at\/<\/a>\u00a0verf\u00fcgbar.<\/li>\n<\/ul>\n<p class=\"text news-detail clearfix\">\u201eDie K\u00e4rntner Betriebe investieren viel in Nachhaltigkeit und auch in klimafreundliche Produktion. Gerade im Export m\u00fcssen sie jedoch im scharfen globalen Wettbewerb konkurrenzf\u00e4hig bleiben. Wir werden die K\u00e4rntner Wirtschaft deshalb dabei unterst\u00fctzen, ihre Logistik nachhaltiger zu gestalten und die h\u00f6heren Kosten abfedern. Damit st\u00e4rken wir nicht nur den Standort, sondern verbessern die Nachhaltigkeitsbilanz unserer Betriebe und schaffen auch positive Effekte f\u00fcr den Klimaschutz und damit f\u00fcr das ganze Land\u201c, meint dazu Wirtschafts- und Verkehrslandesrat Sebastian Schuschnig.<\/p>\n<p class=\"text news-detail clearfix\">Das ma\u00dfgebliche Ziel der neuen F\u00f6rderm\u00f6glichkeit, die gemeinsam mit der Wirtschaftskammer erarbeitet wurde, ist es daher, die K\u00e4rntner Verlader bei ihrem Modal-Shift zu unterst\u00fctzen und so dazu beitragen, K\u00e4rnten a la longue ein St\u00fcck weit vom Stra\u00dfentransit\u00a0 zu befreien. \u201eK\u00e4rnten liegt ideal am Schnittpunkt von zwei europ\u00e4ischen G\u00fcterverkehrsachsen und hat einen europaweit einzigartigen Zollkorridor zum Hafen Triest, was f\u00fcr den Wirtschaftsstandort in den kommenden Jahren enorme Chancen bietet. Jetzt ist die Zeit, dass die Betriebe das auch wirtschaftlich nutzen k\u00f6nnen\u201c, so Schuschnig weiter.<\/p>\n<p class=\"text news-detail clearfix\">Insgesamt wird im Rahmen dieses Pilotprogramms mehr als eine Viertelmillion Euro an F\u00f6rdermittel durch Landesrat Schuschnig f\u00fcr die Wirtschaft bereitgestellt. Gef\u00f6rdert wird der Transport mit 240 Euro je gefahrenem Einzelwagen, die j\u00e4hrliche F\u00f6rderung f\u00fcr Unternehmen ist dabei mit EUR 30.000,- gedeckelt. Seit 1. August 2023 k\u00f6nnen interessierte Unternehmen die F\u00f6rdermittel \u00fcber die Website der LCAS abgerufen.<\/p>\n<p class=\"text news-detail clearfix\">\u201eDieses F\u00f6rdermodell nach dem Vorbild Nieder\u00f6sterreichs und Salzburgs soll es den Unternehmen in K\u00e4rnten erleichtern, ihre Transporte und Lieferungen klimaschonend auf die Schiene zu verlagern. K\u00e4rnten liegt sehr g\u00fcnstig an mehreren europ\u00e4ischen Transportachsen wie der Baltisch-Adriatische Achse, der Verbindung von den Alpen zum westlichen Balkan und am Beginn bzw. Ende der maritimen Seeroute. Deshalb erwarten wir uns von der Einzelwagenf\u00f6rderung auch einen Beitrag dazu, dass Produzenten und Transporteure den Zollkorridor zwischen Villach\/F\u00fcrnitz und dem gr\u00f6\u00dften Mittelmeerhafen Triest verst\u00e4rkt nutzen. Solche Umstellungen brauchen ihre Zeit, und wir wollen dazu einen Anreiz bieten\u201c, so der Pr\u00e4sident der Wirtschaftskammer K\u00e4rnten, J\u00fcrgen Mandl.<\/p>\n<p>Die F\u00f6rderung kann von Unternehmen angesucht werden, die ihren Sitz in K\u00e4rnten haben und G\u00fcter nach K\u00e4rnten anliefern lassen bzw. G\u00fcter aus K\u00e4rnten abtransportieren. Der G\u00fctertransport muss dabei mittels Einzelwagentransport erfolgen und kann \u00fcber private Anschlussbahnen oder \u00f6ffentliche Ladestellen abgewickelt werden. Die Abwicklung des F\u00f6rderprogramms erfolgt dabei direkt \u00fcber die LCAS, dem einschl\u00e4gigen Kompetenzzentrum des Landes K\u00e4rnten f\u00fcr Logistik.<\/p>\n<p>\u201eDurch die neue zielgerichtete F\u00f6rderschiene des Landes erreichen wir k\u00fcnftig auch die kleineren K\u00e4rntner Unternehmen, die das Potential der Verlagerung auf die Schiene bisher aufgrund der h\u00f6heren Kosten nicht in Anspruch nehmen konnten. Mein Ziel ist es, jetzt m\u00f6glichst viele Unternehmen auf diese Chance aufmerksam zu machen, damit sie das Angebot auch in Anspruch nehmen und wir damit im Logistik-Bereich breiter aufgestellt sind\u201c, meint dazu der Gesch\u00e4ftsf\u00fchrer der LCAS, Udo Tarmann.<\/p>\n<p>F\u00fcr Tarmann ist die neue Einzelwagenf\u00f6rderung aufgrund der gro\u00dfen Konkurrenz durch den oft billigeren Lkw ein \u201ewichtiger Meilenstein. Wir werden die F\u00f6rderung unkompliziert und unb\u00fcrokratisch abwickeln, damit dieses Angebot gut angenommen wird.\u201c<\/p>\n<p>Bei Interesse an der neuen F\u00f6rderung finden Sie hier die wichtigsten Details sowie auch den Antrag: <a href=\"https:\/\/www.lca-sued.at\/einzelwagenfoerderung\/\">https:\/\/www.lca-sued.at\/einzelwagenfoerderung\/<\/a><\/p>\n<p>Bei Fragen wenden Sie sich gerne an uns!<\/p>\n<p>AKTUELL IST KEINE ANTRAGSTELLUNG M\u00d6GLICH!<\/p>\n<p>&nbsp;<\/p>\n<p>&nbsp;<\/p>\n","protected":false},"featured_media":0,"template":"","class_list":["post-5555","projekt","type-projekt","status-publish","hentry"],"acf":[],"yoast_head":"<!-- This site is optimized with the Yoast SEO plugin v27.0 - https:\/\/yoast.com\/product\/yoast-seo-wordpress\/ -->\n<title>Einzelwagenf\u00f6rderung - Schaffen wir den Umstieg auf die Schiene! - Aktuell ist keine Antragstellung m\u00f6glich - LCA SUED<\/title>\n<meta name=\"robots\" content=\"index, follow, max-snippet:-1, max-image-preview:large, max-video-preview:-1\" \/>\n<link rel=\"canonical\" href=\"https:\/\/www.lca-sued.at\/projekt\/einzelwagenfoerderung-schaffen-wir-den-umstieg-auf-die-schiene\/\" \/>\n<meta property=\"og:locale\" content=\"sl_SI\" \/>\n<meta property=\"og:type\" content=\"article\" \/>\n<meta property=\"og:title\" content=\"Einzelwagenf\u00f6rderung - Schaffen wir den Umstieg auf die Schiene! - Aktuell ist keine Antragstellung m\u00f6glich - LCA SUED\" \/>\n<meta property=\"og:description\" content=\"Der Trend ist klar erkennbar: es gibt immer mehr Commitment aller, im Sinne der Nachhaltigkeit zu agieren und den eigenen [&hellip;]\" \/>\n<meta property=\"og:url\" content=\"https:\/\/www.lca-sued.at\/projekt\/einzelwagenfoerderung-schaffen-wir-den-umstieg-auf-die-schiene\/\" \/>\n<meta property=\"og:site_name\" content=\"LCA SUED\" \/>\n<meta property=\"article:modified_time\" content=\"2024-05-28T07:22:39+00:00\" \/>\n<meta property=\"og:image\" content=\"https:\/\/www.lca-sued.at\/wp-content\/uploads\/2022\/02\/lca-slider-2022.jpg\" \/>\n\t<meta property=\"og:image:width\" content=\"1024\" \/>\n\t<meta property=\"og:image:height\" content=\"486\" \/>\n\t<meta property=\"og:image:type\" content=\"image\/jpeg\" \/>\n<meta name=\"twitter:card\" content=\"summary_large_image\" \/>\n<meta name=\"twitter:label1\" content=\"Est. reading time\" \/>\n\t<meta name=\"twitter:data1\" content=\"5 minut\" \/>\n<script type=\"application\/ld+json\" class=\"yoast-schema-graph\">{\"@context\":\"https:\/\/schema.org\",\"@graph\":[{\"@type\":\"WebPage\",\"@id\":\"https:\/\/www.lca-sued.at\/projekt\/einzelwagenfoerderung-schaffen-wir-den-umstieg-auf-die-schiene\/\",\"url\":\"https:\/\/www.lca-sued.at\/projekt\/einzelwagenfoerderung-schaffen-wir-den-umstieg-auf-die-schiene\/\",\"name\":\"Einzelwagenf\u00f6rderung - Schaffen wir den Umstieg auf die Schiene! - Aktuell ist keine Antragstellung m\u00f6glich - LCA SUED\",\"isPartOf\":{\"@id\":\"https:\/\/www.lca-sued.at\/#website\"},\"datePublished\":\"2023-08-07T10:11:43+00:00\",\"dateModified\":\"2024-05-28T07:22:39+00:00\",\"breadcrumb\":{\"@id\":\"https:\/\/www.lca-sued.at\/projekt\/einzelwagenfoerderung-schaffen-wir-den-umstieg-auf-die-schiene\/#breadcrumb\"},\"inLanguage\":\"sl-SI\",\"potentialAction\":[{\"@type\":\"ReadAction\",\"target\":[\"https:\/\/www.lca-sued.at\/projekt\/einzelwagenfoerderung-schaffen-wir-den-umstieg-auf-die-schiene\/\"]}]},{\"@type\":\"BreadcrumbList\",\"@id\":\"https:\/\/www.lca-sued.at\/projekt\/einzelwagenfoerderung-schaffen-wir-den-umstieg-auf-die-schiene\/#breadcrumb\",\"itemListElement\":[{\"@type\":\"ListItem\",\"position\":1,\"name\":\"Startseite\",\"item\":\"https:\/\/www.lca-sued.at\/sl\/\"},{\"@type\":\"ListItem\",\"position\":2,\"name\":\"Projekte\",\"item\":\"https:\/\/www.lca-sued.at\/projekt\/\"},{\"@type\":\"ListItem\",\"position\":3,\"name\":\"Einzelwagenf\u00f6rderung &#8211; Schaffen wir den Umstieg auf die Schiene! &#8211; Aktuell ist keine Antragstellung m\u00f6glich\"}]},{\"@type\":\"WebSite\",\"@id\":\"https:\/\/www.lca-sued.at\/#website\",\"url\":\"https:\/\/www.lca-sued.at\/\",\"name\":\"LCA SUED\",\"description\":\"LCA SUED\",\"publisher\":{\"@id\":\"https:\/\/www.lca-sued.at\/#organization\"},\"potentialAction\":[{\"@type\":\"SearchAction\",\"target\":{\"@type\":\"EntryPoint\",\"urlTemplate\":\"https:\/\/www.lca-sued.at\/?s={search_term_string}\"},\"query-input\":{\"@type\":\"PropertyValueSpecification\",\"valueRequired\":true,\"valueName\":\"search_term_string\"}}],\"inLanguage\":\"sl-SI\"},{\"@type\":\"Organization\",\"@id\":\"https:\/\/www.lca-sued.at\/#organization\",\"name\":\"LCA SUED\",\"url\":\"https:\/\/www.lca-sued.at\/\",\"logo\":{\"@type\":\"ImageObject\",\"inLanguage\":\"sl-SI\",\"@id\":\"https:\/\/www.lca-sued.at\/#\/schema\/logo\/image\/\",\"url\":\"https:\/\/www.lca-sued.at\/wp-content\/uploads\/2017\/08\/lca_logo.png\",\"contentUrl\":\"https:\/\/www.lca-sued.at\/wp-content\/uploads\/2017\/08\/lca_logo.png\",\"width\":167,\"height\":108,\"caption\":\"LCA SUED\"},\"image\":{\"@id\":\"https:\/\/www.lca-sued.at\/#\/schema\/logo\/image\/\"},\"sameAs\":[\"https:\/\/www.linkedin.com\/company\/lca-south\/\"]}]}<\/script>\n<!-- \/ Yoast SEO plugin. -->","yoast_head_json":{"title":"Einzelwagenf\u00f6rderung - Schaffen wir den Umstieg auf die Schiene! - Aktuell ist keine Antragstellung m\u00f6glich - LCA SUED","robots":{"index":"index","follow":"follow","max-snippet":"max-snippet:-1","max-image-preview":"max-image-preview:large","max-video-preview":"max-video-preview:-1"},"canonical":"https:\/\/www.lca-sued.at\/projekt\/einzelwagenfoerderung-schaffen-wir-den-umstieg-auf-die-schiene\/","og_locale":"sl_SI","og_type":"article","og_title":"Einzelwagenf\u00f6rderung - Schaffen wir den Umstieg auf die Schiene! - Aktuell ist keine Antragstellung m\u00f6glich - LCA SUED","og_description":"Der Trend ist klar erkennbar: es gibt immer mehr Commitment aller, im Sinne der Nachhaltigkeit zu agieren und den eigenen [&hellip;]","og_url":"https:\/\/www.lca-sued.at\/projekt\/einzelwagenfoerderung-schaffen-wir-den-umstieg-auf-die-schiene\/","og_site_name":"LCA SUED","article_modified_time":"2024-05-28T07:22:39+00:00","og_image":[{"width":1024,"height":486,"url":"https:\/\/www.lca-sued.at\/wp-content\/uploads\/2022\/02\/lca-slider-2022.jpg","type":"image\/jpeg"}],"twitter_card":"summary_large_image","twitter_misc":{"Est. reading time":"5 minut"},"schema":{"@context":"https:\/\/schema.org","@graph":[{"@type":"WebPage","@id":"https:\/\/www.lca-sued.at\/projekt\/einzelwagenfoerderung-schaffen-wir-den-umstieg-auf-die-schiene\/","url":"https:\/\/www.lca-sued.at\/projekt\/einzelwagenfoerderung-schaffen-wir-den-umstieg-auf-die-schiene\/","name":"Einzelwagenf\u00f6rderung - Schaffen wir den Umstieg auf die Schiene! - Aktuell ist keine Antragstellung m\u00f6glich - LCA SUED","isPartOf":{"@id":"https:\/\/www.lca-sued.at\/#website"},"datePublished":"2023-08-07T10:11:43+00:00","dateModified":"2024-05-28T07:22:39+00:00","breadcrumb":{"@id":"https:\/\/www.lca-sued.at\/projekt\/einzelwagenfoerderung-schaffen-wir-den-umstieg-auf-die-schiene\/#breadcrumb"},"inLanguage":"sl-SI","potentialAction":[{"@type":"ReadAction","target":["https:\/\/www.lca-sued.at\/projekt\/einzelwagenfoerderung-schaffen-wir-den-umstieg-auf-die-schiene\/"]}]},{"@type":"BreadcrumbList","@id":"https:\/\/www.lca-sued.at\/projekt\/einzelwagenfoerderung-schaffen-wir-den-umstieg-auf-die-schiene\/#breadcrumb","itemListElement":[{"@type":"ListItem","position":1,"name":"Startseite","item":"https:\/\/www.lca-sued.at\/sl\/"},{"@type":"ListItem","position":2,"name":"Projekte","item":"https:\/\/www.lca-sued.at\/projekt\/"},{"@type":"ListItem","position":3,"name":"Einzelwagenf\u00f6rderung &#8211; Schaffen wir den Umstieg auf die Schiene! &#8211; Aktuell ist keine Antragstellung m\u00f6glich"}]},{"@type":"WebSite","@id":"https:\/\/www.lca-sued.at\/#website","url":"https:\/\/www.lca-sued.at\/","name":"LCA SUED","description":"LCA SUED","publisher":{"@id":"https:\/\/www.lca-sued.at\/#organization"},"potentialAction":[{"@type":"SearchAction","target":{"@type":"EntryPoint","urlTemplate":"https:\/\/www.lca-sued.at\/?s={search_term_string}"},"query-input":{"@type":"PropertyValueSpecification","valueRequired":true,"valueName":"search_term_string"}}],"inLanguage":"sl-SI"},{"@type":"Organization","@id":"https:\/\/www.lca-sued.at\/#organization","name":"LCA SUED","url":"https:\/\/www.lca-sued.at\/","logo":{"@type":"ImageObject","inLanguage":"sl-SI","@id":"https:\/\/www.lca-sued.at\/#\/schema\/logo\/image\/","url":"https:\/\/www.lca-sued.at\/wp-content\/uploads\/2017\/08\/lca_logo.png","contentUrl":"https:\/\/www.lca-sued.at\/wp-content\/uploads\/2017\/08\/lca_logo.png","width":167,"height":108,"caption":"LCA SUED"},"image":{"@id":"https:\/\/www.lca-sued.at\/#\/schema\/logo\/image\/"},"sameAs":["https:\/\/www.linkedin.com\/company\/lca-south\/"]}]}},"_links":{"self":[{"href":"https:\/\/www.lca-sued.at\/sl\/wp-json\/wp\/v2\/projekt\/5555","targetHints":{"allow":["GET"]}}],"collection":[{"href":"https:\/\/www.lca-sued.at\/sl\/wp-json\/wp\/v2\/projekt"}],"about":[{"href":"https:\/\/www.lca-sued.at\/sl\/wp-json\/wp\/v2\/types\/projekt"}],"wp:attachment":[{"href":"https:\/\/www.lca-sued.at\/sl\/wp-json\/wp\/v2\/media?parent=5555"}],"curies":[{"name":"wp","href":"https:\/\/api.w.org\/{rel}","templated":true}]}}