{"id":4965,"date":"2023-05-08T11:44:07","date_gmt":"2023-05-08T09:44:07","guid":{"rendered":"https:\/\/www.lca-sued.at\/projekt\/rail4region-enhancement-of-spatial-and-transport-planning-capacities-in-the-promotion-of-the-accessibility-of-the-rail-freight-transport-network-and-regional-development\/"},"modified":"2023-05-08T11:44:07","modified_gmt":"2023-05-08T09:44:07","slug":"rail4region-enhancement-of-spatial-and-transport-planning-capacities-in-the-promotion-of-the-accessibility-of-the-rail-freight-transport-network-and-regional-development","status":"publish","type":"projekt","link":"https:\/\/www.lca-sued.at\/sl\/projekt\/rail4region-enhancement-of-spatial-and-transport-planning-capacities-in-the-promotion-of-the-accessibility-of-the-rail-freight-transport-network-and-regional-development\/","title":{"rendered":"Rail4Region >>Enhancement of spatial and transport planning capacities in the promotion of the accessibility of the rail freight transport network and regional development<<"},"content":{"rendered":"<p>Novi projekt za LCAS iz programa financiranja Interreg Central Europe se je za\u010del aprila 2023 in bo trajal 36 mesecev.<\/p>\n<p><strong>Vsebina projekta:<\/strong><\/p>\n<p>Rail4Regions \u017eeli prispevati k pove\u010danju dele\u017ea \u017eelezni\u0161kega tovornega prometa. Danes so razdalje do najbli\u017eje \u017eelezni\u0161ke tovorne povezave za marsikatero podjetje predolge. Posledi\u010dno se veliko blaga, ki se lahko preva\u017ea po \u017eeleznici, preva\u017ea po cesti. Partnerji zato skupaj razvijajo re\u0161itve, namenjene prometnim in prostorskim na\u010drtovalcem, da bi regionalne proge vklju\u010dili v \u017eelezni\u0161ko tovorno omre\u017eje. Cilj je izbolj\u0161ati dostop do \u017eeleznice in ekonomsko izvedljivost ter s tem prispevati k zelenemu dogovoru EU v prometnem sektorju.<\/p>\n<p>Skupno razviti rezultati in re\u0161itve bi morali spro\u017eiti nalo\u017ebe za izbolj\u0161anje \u017eelezni\u0161kega tovornega prometa s ponovno aktivacijo ali optimizirano uporabo regionalnih prog. Da bi to dosegli, projektni partnerji na\u010drtujejo razvoj koncepta, ki obravnava regionalne \u017eelezni\u0161ke proge. Prav tako je treba razviti in preizkusiti pristope k re\u0161evanju stranskih tirov, enovagonskega prometa, nakladalnih mest in odcepov ter izdelati akcijske na\u010drte za sprejem re\u0161itev v regionalnem razvojnem in investicijskem na\u010drtu. Posledi\u010dno bi morali prometni in prostorski na\u010drtovalci dobiti instrumente, ki spodbujajo dostop do \u017eelezni\u0161kega tovornega prometa in tako prispevajo k izbolj\u0161anju konkuren\u010dnosti industrijskih obmo\u010dij s prometom z ni\u017ejimi emisijami CO2.<\/p>\n<p>Namen projekta je tudi zasidrati nalo\u017ebe v regionalne \u017eelezni\u0161ke proge in njihovo optimizacijo ter opredeliti njihove dostopne to\u010dke v \u017eelezni\u0161kem tovornem omre\u017eju. Izbolj\u0161ani dostop in ve\u010dja okoljska ozave\u0161\u010denost podjetij bi jih morala spodbuditi k preusmeritvi ve\u010d prometa s cest na \u017eeleznice.<\/p>\n<p>LCAS bo analiziral lokalne razmere in razvil re\u0161itve, ki bodo podjetjem na pode\u017eelskih obmo\u010djih omogo\u010dile obvladovanje modalnega prehoda s ponovnim aktiviranjem podru\u017enic in povezovanjem regionalnega prometa na terminal F\u00fcrnitz. Povezava lokalnih podjetij z \u017eelezni\u0161kim omre\u017ejem bi jim omogo\u010dila prevoz blaga po \u017eeleznici do Combi Cargo Terminal Villach S\u00fcd|F\u00fcrnitz in njegovo distribucijo na \u0161tevilne evropske in nacionalne destinacije.<\/p>\n<p><strong>Projektni partnerji:<\/strong><\/p>\n<p>Poleg vodilnega partnerja, Turingijskega ministrstva za infrastrukturo in kmetijstvo, projekt na podro\u010dju trajnosti podpirajo \u0161e naslednji projektni partnerji:<\/p>\n<p>Univerza v Erfurtu (DE), Univerza v \u017dilini (SK) s partnerji za sodelovanje Rail Freight Slovakia (SK), In\u0161titut za promet in transport Ljubljana (SI), University North (HR), District of Vara\u017edin (HR), Rail Freight Hungary ( HU), Regionalna razvojna agencija Malopolska (PL), Informacijski in razvojni in\u0161titut Kordis (CZ) s partnerjem za sodelovanje Regija Jihomoravsk\u00fd kraj (CZ), provinca Novara (IT), svetovalno podjetje T Bridge (IT), LCA Logistik Center Austria S\u00fcd ( AT) s kooperacijskim partnerjem De\u017eelo Koro\u0161ko (AT)<\/p>\n<p><strong>Na\u010drtovani skupni prora\u010dun:<\/strong><\/p>\n<p>2,3 milijona evrov<\/p>\n","protected":false},"featured_media":0,"template":"","class_list":["post-4965","projekt","type-projekt","status-publish","hentry"],"acf":[],"yoast_head":"<!-- This site is optimized with the Yoast SEO plugin v27.0 - https:\/\/yoast.com\/product\/yoast-seo-wordpress\/ -->\n<title>Rail4Region &gt;&gt;Enhancement of spatial and transport planning capacities in the promotion of the accessibility of the rail freight transport network and regional development<\/title>\n<meta name=\"robots\" content=\"index, follow, max-snippet:-1, max-image-preview:large, max-video-preview:-1\" \/>\n<link rel=\"canonical\" href=\"https:\/\/www.lca-sued.at\/projekt\/rail4region-enhancement-of-spatial-and-transport-planning-capacities-in-the-promotion-of-the-accessibility-of-the-rail-freight-transport-network-and-regional-development\/\" \/>\n<meta property=\"og:locale\" content=\"sl_SI\" \/>\n<meta property=\"og:type\" content=\"article\" \/>\n<meta property=\"og:title\" content=\"Rail4Region &gt;&gt;Enhancement of spatial and transport planning capacities in the promotion of the accessibility of the rail freight transport network and regional development\" \/>\n<meta property=\"og:description\" content=\"Novi projekt za LCAS iz programa financiranja Interreg Central Europe se je za\u010del aprila 2023 in bo trajal 36 mesecev. [&hellip;]\" \/>\n<meta property=\"og:url\" content=\"https:\/\/www.lca-sued.at\/projekt\/rail4region-enhancement-of-spatial-and-transport-planning-capacities-in-the-promotion-of-the-accessibility-of-the-rail-freight-transport-network-and-regional-development\/\" \/>\n<meta property=\"og:site_name\" content=\"LCA SUED\" \/>\n<meta property=\"og:image\" content=\"https:\/\/www.lca-sued.at\/wp-content\/uploads\/2022\/02\/lca-slider-2022.jpg\" \/>\n\t<meta property=\"og:image:width\" content=\"1024\" \/>\n\t<meta property=\"og:image:height\" content=\"486\" \/>\n\t<meta property=\"og:image:type\" content=\"image\/jpeg\" \/>\n<meta name=\"twitter:card\" content=\"summary_large_image\" \/>\n<meta name=\"twitter:label1\" content=\"Est. reading time\" \/>\n\t<meta name=\"twitter:data1\" content=\"2 minuti\" \/>\n<script type=\"application\/ld+json\" class=\"yoast-schema-graph\">{\"@context\":\"https:\/\/schema.org\",\"@graph\":[{\"@type\":\"WebPage\",\"@id\":\"https:\/\/www.lca-sued.at\/projekt\/rail4region-enhancement-of-spatial-and-transport-planning-capacities-in-the-promotion-of-the-accessibility-of-the-rail-freight-transport-network-and-regional-development\/\",\"url\":\"https:\/\/www.lca-sued.at\/projekt\/rail4region-enhancement-of-spatial-and-transport-planning-capacities-in-the-promotion-of-the-accessibility-of-the-rail-freight-transport-network-and-regional-development\/\",\"name\":\"Rail4Region >>Enhancement of spatial and transport planning capacities in the promotion of the accessibility of the rail freight transport network and regional development\",\"isPartOf\":{\"@id\":\"https:\/\/www.lca-sued.at\/#website\"},\"datePublished\":\"2023-05-08T09:44:07+00:00\",\"breadcrumb\":{\"@id\":\"https:\/\/www.lca-sued.at\/projekt\/rail4region-enhancement-of-spatial-and-transport-planning-capacities-in-the-promotion-of-the-accessibility-of-the-rail-freight-transport-network-and-regional-development\/#breadcrumb\"},\"inLanguage\":\"sl-SI\",\"potentialAction\":[{\"@type\":\"ReadAction\",\"target\":[\"https:\/\/www.lca-sued.at\/projekt\/rail4region-enhancement-of-spatial-and-transport-planning-capacities-in-the-promotion-of-the-accessibility-of-the-rail-freight-transport-network-and-regional-development\/\"]}]},{\"@type\":\"BreadcrumbList\",\"@id\":\"https:\/\/www.lca-sued.at\/projekt\/rail4region-enhancement-of-spatial-and-transport-planning-capacities-in-the-promotion-of-the-accessibility-of-the-rail-freight-transport-network-and-regional-development\/#breadcrumb\",\"itemListElement\":[{\"@type\":\"ListItem\",\"position\":1,\"name\":\"Startseite\",\"item\":\"https:\/\/www.lca-sued.at\/sl\/\"},{\"@type\":\"ListItem\",\"position\":2,\"name\":\"Projekte\",\"item\":\"https:\/\/www.lca-sued.at\/projekt\/\"},{\"@type\":\"ListItem\",\"position\":3,\"name\":\"Rail4Region >>Enhancement of spatial and transport planning capacities in the promotion of the accessibility of the rail freight transport network and regional development\"}]},{\"@type\":\"WebSite\",\"@id\":\"https:\/\/www.lca-sued.at\/#website\",\"url\":\"https:\/\/www.lca-sued.at\/\",\"name\":\"LCA SUED\",\"description\":\"LCA SUED\",\"publisher\":{\"@id\":\"https:\/\/www.lca-sued.at\/#organization\"},\"potentialAction\":[{\"@type\":\"SearchAction\",\"target\":{\"@type\":\"EntryPoint\",\"urlTemplate\":\"https:\/\/www.lca-sued.at\/?s={search_term_string}\"},\"query-input\":{\"@type\":\"PropertyValueSpecification\",\"valueRequired\":true,\"valueName\":\"search_term_string\"}}],\"inLanguage\":\"sl-SI\"},{\"@type\":\"Organization\",\"@id\":\"https:\/\/www.lca-sued.at\/#organization\",\"name\":\"LCA SUED\",\"url\":\"https:\/\/www.lca-sued.at\/\",\"logo\":{\"@type\":\"ImageObject\",\"inLanguage\":\"sl-SI\",\"@id\":\"https:\/\/www.lca-sued.at\/#\/schema\/logo\/image\/\",\"url\":\"https:\/\/www.lca-sued.at\/wp-content\/uploads\/2017\/08\/lca_logo.png\",\"contentUrl\":\"https:\/\/www.lca-sued.at\/wp-content\/uploads\/2017\/08\/lca_logo.png\",\"width\":167,\"height\":108,\"caption\":\"LCA SUED\"},\"image\":{\"@id\":\"https:\/\/www.lca-sued.at\/#\/schema\/logo\/image\/\"},\"sameAs\":[\"https:\/\/www.linkedin.com\/company\/lca-south\/\"]}]}<\/script>\n<!-- \/ Yoast SEO plugin. -->","yoast_head_json":{"title":"Rail4Region >>Enhancement of spatial and transport planning capacities in the promotion of the accessibility of the rail freight transport network and regional development","robots":{"index":"index","follow":"follow","max-snippet":"max-snippet:-1","max-image-preview":"max-image-preview:large","max-video-preview":"max-video-preview:-1"},"canonical":"https:\/\/www.lca-sued.at\/projekt\/rail4region-enhancement-of-spatial-and-transport-planning-capacities-in-the-promotion-of-the-accessibility-of-the-rail-freight-transport-network-and-regional-development\/","og_locale":"sl_SI","og_type":"article","og_title":"Rail4Region >>Enhancement of spatial and transport planning capacities in the promotion of the accessibility of the rail freight transport network and regional development","og_description":"Novi projekt za LCAS iz programa financiranja Interreg Central Europe se je za\u010del aprila 2023 in bo trajal 36 mesecev. [&hellip;]","og_url":"https:\/\/www.lca-sued.at\/projekt\/rail4region-enhancement-of-spatial-and-transport-planning-capacities-in-the-promotion-of-the-accessibility-of-the-rail-freight-transport-network-and-regional-development\/","og_site_name":"LCA SUED","og_image":[{"width":1024,"height":486,"url":"https:\/\/www.lca-sued.at\/wp-content\/uploads\/2022\/02\/lca-slider-2022.jpg","type":"image\/jpeg"}],"twitter_card":"summary_large_image","twitter_misc":{"Est. reading time":"2 minuti"},"schema":{"@context":"https:\/\/schema.org","@graph":[{"@type":"WebPage","@id":"https:\/\/www.lca-sued.at\/projekt\/rail4region-enhancement-of-spatial-and-transport-planning-capacities-in-the-promotion-of-the-accessibility-of-the-rail-freight-transport-network-and-regional-development\/","url":"https:\/\/www.lca-sued.at\/projekt\/rail4region-enhancement-of-spatial-and-transport-planning-capacities-in-the-promotion-of-the-accessibility-of-the-rail-freight-transport-network-and-regional-development\/","name":"Rail4Region >>Enhancement of spatial and transport planning capacities in the promotion of the accessibility of the rail freight transport network and regional development","isPartOf":{"@id":"https:\/\/www.lca-sued.at\/#website"},"datePublished":"2023-05-08T09:44:07+00:00","breadcrumb":{"@id":"https:\/\/www.lca-sued.at\/projekt\/rail4region-enhancement-of-spatial-and-transport-planning-capacities-in-the-promotion-of-the-accessibility-of-the-rail-freight-transport-network-and-regional-development\/#breadcrumb"},"inLanguage":"sl-SI","potentialAction":[{"@type":"ReadAction","target":["https:\/\/www.lca-sued.at\/projekt\/rail4region-enhancement-of-spatial-and-transport-planning-capacities-in-the-promotion-of-the-accessibility-of-the-rail-freight-transport-network-and-regional-development\/"]}]},{"@type":"BreadcrumbList","@id":"https:\/\/www.lca-sued.at\/projekt\/rail4region-enhancement-of-spatial-and-transport-planning-capacities-in-the-promotion-of-the-accessibility-of-the-rail-freight-transport-network-and-regional-development\/#breadcrumb","itemListElement":[{"@type":"ListItem","position":1,"name":"Startseite","item":"https:\/\/www.lca-sued.at\/sl\/"},{"@type":"ListItem","position":2,"name":"Projekte","item":"https:\/\/www.lca-sued.at\/projekt\/"},{"@type":"ListItem","position":3,"name":"Rail4Region >>Enhancement of spatial and transport planning capacities in the promotion of the accessibility of the rail freight transport network and regional development"}]},{"@type":"WebSite","@id":"https:\/\/www.lca-sued.at\/#website","url":"https:\/\/www.lca-sued.at\/","name":"LCA SUED","description":"LCA SUED","publisher":{"@id":"https:\/\/www.lca-sued.at\/#organization"},"potentialAction":[{"@type":"SearchAction","target":{"@type":"EntryPoint","urlTemplate":"https:\/\/www.lca-sued.at\/?s={search_term_string}"},"query-input":{"@type":"PropertyValueSpecification","valueRequired":true,"valueName":"search_term_string"}}],"inLanguage":"sl-SI"},{"@type":"Organization","@id":"https:\/\/www.lca-sued.at\/#organization","name":"LCA SUED","url":"https:\/\/www.lca-sued.at\/","logo":{"@type":"ImageObject","inLanguage":"sl-SI","@id":"https:\/\/www.lca-sued.at\/#\/schema\/logo\/image\/","url":"https:\/\/www.lca-sued.at\/wp-content\/uploads\/2017\/08\/lca_logo.png","contentUrl":"https:\/\/www.lca-sued.at\/wp-content\/uploads\/2017\/08\/lca_logo.png","width":167,"height":108,"caption":"LCA SUED"},"image":{"@id":"https:\/\/www.lca-sued.at\/#\/schema\/logo\/image\/"},"sameAs":["https:\/\/www.linkedin.com\/company\/lca-south\/"]}]}},"_links":{"self":[{"href":"https:\/\/www.lca-sued.at\/sl\/wp-json\/wp\/v2\/projekt\/4965","targetHints":{"allow":["GET"]}}],"collection":[{"href":"https:\/\/www.lca-sued.at\/sl\/wp-json\/wp\/v2\/projekt"}],"about":[{"href":"https:\/\/www.lca-sued.at\/sl\/wp-json\/wp\/v2\/types\/projekt"}],"wp:attachment":[{"href":"https:\/\/www.lca-sued.at\/sl\/wp-json\/wp\/v2\/media?parent=4965"}],"curies":[{"name":"wp","href":"https:\/\/api.w.org\/{rel}","templated":true}]}}