{"id":4993,"date":"2023-01-15T15:33:17","date_gmt":"2023-01-15T14:33:17","guid":{"rendered":"https:\/\/www.lca-sued.at\/success-stories\/"},"modified":"2023-09-06T13:53:29","modified_gmt":"2023-09-06T11:53:29","slug":"storie-di-successo-2","status":"publish","type":"page","link":"https:\/\/www.lca-sued.at\/it\/storie-di-successo-2\/","title":{"rendered":"Storie di successo"},"content":{"rendered":"<div class=\"wpb-content-wrapper\"><p>[vc_row][vc_column][vc_column_text]<\/p>\n<h3>Storie di successo della Carinzia come sede logistica: Ogni anno accompagniamo le aziende e ci assicuriamo che la loro attivit\u00e0 sia ben accolta, si sviluppi e cresca.<br \/>\nQui ci raccontano cosa li ispira della localit\u00e0 e perch\u00e9 hanno tratto vantaggio dal loro impegno.<\/h3>\n<h3>Scriviamo insieme anche la vostra storia di successo in Carinzia!<\/h3>\n<p>[\/vc_column_text][vc_separator][\/vc_column][\/vc_row][vc_row gap=&#8221;35&#8243;][vc_column width=&#8221;1\/2&#8243;]<div class=\"lca_testimonial_box\"><div class=\"lca_testimonial_box_image\" id=\"31e18802567ad2921c3f02dfcdd5cb9527d4de53\"><img loading=\"lazy\" decoding=\"async\" width=\"150\" height=\"150\" src=\"https:\/\/www.lca-sued.at\/wp-content\/uploads\/2023\/04\/Bild-kle-150x150.jpg\" class=\"attachment-thumbnail size-thumbnail\" alt=\"\" \/><\/div><div class=\"lca_testimonial_box_text_wrapper\"  id=\"31e18802567ad2921c3f02dfcdd5cb9527d4de53\"><div class=\"lca_testimonial_box_text\"><h2>Klaus Leitner<\/h2><h3>Managing director josef lex &amp; co internationale speditions- und lagerhausgesellschaft mbh<\/h3><div class=\"lca_testimonial_button\">Details<\/div><\/div><\/div><div class=\"lca_testimonial_box_hidden_text\" id=\"element_31e18802567ad2921c3f02dfcdd5cb9527d4de53\"><div class=\"content_testimonial\"><p>F\u00fcrnitz \u00e8 uno snodo ed una piattaforma di trasbordo ideale per il nostro traffico di automezzi pesanti provenienti da e diretti verso Italia, Germania, Slovenia e Balcani. Siamo qui gi\u00e0 da 10 anni, perch\u00e9 gi\u00e0 allora abbiamo riconosciuto il potenziale che ci veniva offerto: un terminal per container con trasbordo e deposito container, aree di deposito all\u2019aperto e coperte, la possibilit\u00e0 di poter offrire ai nostri partner commerciali un pacchetto di servizi logistici e di trasbordo di prim\u2019ordine, il trasbordo di merci anche pesanti fino a 40 tonnellate, la realizzazione di un proprio centro di condizionamento, un deposito doganale privato, un deposito fiscale autorizzato per la birra ed il vino, possibilit\u00e0 di pesatura di mezzi o container pieni e vuoti, un ufficio doganale presente direttamente nel Terminal, un binario di raccordo diretto con il nostro deposito, caricamenti su rotaia, uffici per le nostre dichiarazioni doganali e spedizionieri di camion, terreni ancora disponibili per la realizzazione di depositi propri e, in aggiunta, supporto da parte della direzione del terminal per trovare soluzioni particolari.<\/p>\n<\/div><\/div><\/div>[\/vc_column][vc_column width=&#8221;1\/2&#8243;]<div class=\"lca_testimonial_box\"><div class=\"lca_testimonial_box_image\" id=\"06c1b3574cb8cc21b6f0d371d4836cc00e832d4d\"><img loading=\"lazy\" decoding=\"async\" width=\"150\" height=\"150\" src=\"https:\/\/www.lca-sued.at\/wp-content\/uploads\/2023\/04\/2018-09-02-Claudio-150x150.jpg\" class=\"attachment-thumbnail size-thumbnail\" alt=\"\" \/><\/div><div class=\"lca_testimonial_box_text_wrapper\"  id=\"06c1b3574cb8cc21b6f0d371d4836cc00e832d4d\"><div class=\"lca_testimonial_box_text\"><h2>Claudio M\u00fcller<\/h2><h3>Managing director DRAUTRANS - Speditions- u. Transport GmbH<\/h3><div class=\"lca_testimonial_button\">Details<\/div><\/div><\/div><div class=\"lca_testimonial_box_hidden_text\" id=\"element_06c1b3574cb8cc21b6f0d371d4836cc00e832d4d\"><div class=\"content_testimonial\"><p>Grazie al collegamento con la rete ferroviaria e con importanti corridoi stradali non esiste un sito logistico migliore per il nostro terminal \u201cInterporto Drautrans\u201d. Posizionato al centro della Regione dell\u2019Alpe Adria e con la vicinanza ai porti NAPA (Associazione dei Porti del Nord Adriatico \u2013 Ravenna, Venezia, Trieste, Capodistria e Fiume) il sito di F\u00fcrnitz possiede tutti i presupposti per soddisfare al meglio le esigenze dei nostri clienti. Competenze tecniche approfondite, aree di stoccaggio chiuse e all\u2019aperto e la presenza del pi\u00f9 grande terminal per container del Sud dell\u2019Austria rafforzano la nostra posizione di specialisti nel traffico con l\u2019Italia e l\u2019Europa meridionale. Siamo un\u2019azienda presente in quest\u2019area da oltre 25 anni che ha scommesso su questo sito e che continuer\u00e0 a farlo!<\/p>\n<\/div><\/div><\/div>[\/vc_column][\/vc_row][vc_row gap=&#8221;35&#8243;][vc_column width=&#8221;1\/2&#8243;]<div class=\"lca_testimonial_box\"><div class=\"lca_testimonial_box_image\" id=\"ca090a9ad7339dcb9568176e373f8316cd1ab791\"><img loading=\"lazy\" decoding=\"async\" width=\"150\" height=\"150\" src=\"https:\/\/www.lca-sued.at\/wp-content\/uploads\/2023\/04\/190304_JAK_OEBB_VORSTAND_215-scaled-e1683584276830-150x150.jpeg\" class=\"attachment-thumbnail size-thumbnail\" alt=\"\" \/><\/div><div class=\"lca_testimonial_box_text_wrapper\"  id=\"ca090a9ad7339dcb9568176e373f8316cd1ab791\"><div class=\"lca_testimonial_box_text\"><h2>Andreas Matth\u00e4<\/h2><h3>Chairman \u00d6BB Holding<\/h3><div class=\"lca_testimonial_button\">Details<\/div><\/div><\/div><div class=\"lca_testimonial_box_hidden_text\" id=\"element_ca090a9ad7339dcb9568176e373f8316cd1ab791\"><div class=\"content_testimonial\"><p>Il Terminal Villach S\u00fcd a F\u00fcrnitz \u00e8 collegato in modo ottimale con il porto di Trieste ed offre al mondo economico dei trasporti il collegamento perfetto fra trasporto su strada, rotaia e via mare. Le \u00d6BB (Ferrovie Statali Austriache) stanno collaborando con le autorit\u00e0 portuali di Trieste alla realizzazione di un corridoio doganale che dovrebbe poi trasformare il sito nel \u201eDry Port Villach\u201c. Con questo progetto si creeranno grandi possibilit\u00e0 per una composizione pi\u00f9 efficiente dei treni e per il cross docking e quindi per una maggior volume di merci che viaggiano su rotaia.<\/p>\n<\/div><\/div><\/div>[\/vc_column][vc_column width=&#8221;1\/2&#8243;]<div class=\"lca_testimonial_box\"><div class=\"lca_testimonial_box_image\" id=\"d8c3c012b1fa4ba30ee36457924b2f574aec50e7\"><img loading=\"lazy\" decoding=\"async\" width=\"150\" height=\"150\" src=\"https:\/\/www.lca-sued.at\/wp-content\/uploads\/2023\/04\/Lelli-150x150.jpg\" class=\"attachment-thumbnail size-thumbnail\" alt=\"\" \/><\/div><div class=\"lca_testimonial_box_text_wrapper\"  id=\"d8c3c012b1fa4ba30ee36457924b2f574aec50e7\"><div class=\"lca_testimonial_box_text\"><h2>Nicola Lelli<\/h2><h3>Managing director MSC Mediterranean Shipping Company Austria<\/h3><div class=\"lca_testimonial_button\">Details<\/div><\/div><\/div><div class=\"lca_testimonial_box_hidden_text\" id=\"element_d8c3c012b1fa4ba30ee36457924b2f574aec50e7\"><div class=\"content_testimonial\"><p>Come rappresentanza di un\u2019agenzia marittima collaboriamo con il sito di F\u00fcrrnitz ormai da molti anni, servendoci del deposito di container e lo apprezziamo molto soprattutto per la sua posizione geografica molto vantaggiosa rispetto ai porti dell\u2019Adriatico.<\/p>\n<p>Grazie all\u2019eccezionale collegamento con i porti di Trieste e Capodistria gi\u00e0 oggi siamo in grado di offrire soluzioni intermodali e logistiche proprie e quindi di convincere gli spedizionieri delle grandi opportunit\u00e0 presenti a sud, anche oltre i confini nazionali. Il raggiungimento degli attuali obiettivi ed il possibile ampliamento che ne deriva accresceranno ancora di pi\u00f9 l\u2019importanza del sito come snodo del traffico marittimo: F\u00fcrnitz come Adriatic Gateway Austria.<\/p>\n<\/div><\/div><\/div>[\/vc_column][\/vc_row][vc_row gap=&#8221;35&#8243;][vc_column width=&#8221;1\/2&#8243;]<div class=\"lca_testimonial_box\"><div class=\"lca_testimonial_box_image\" id=\"aaa022b3352e3bf662171aafc71cd91d1810c169\"><img loading=\"lazy\" decoding=\"async\" width=\"150\" height=\"150\" src=\"https:\/\/www.lca-sued.at\/wp-content\/uploads\/2023\/04\/IMG_2263-150x150.jpg\" class=\"attachment-thumbnail size-thumbnail\" alt=\"\" \/><\/div><div class=\"lca_testimonial_box_text_wrapper\"  id=\"aaa022b3352e3bf662171aafc71cd91d1810c169\"><div class=\"lca_testimonial_box_text\"><h2>Karl Nothegger Jun.<\/h2><h3>Managing director Nothegger Transport Logistik GmbH<\/h3><div class=\"lca_testimonial_button\">Details<\/div><\/div><\/div><div class=\"lca_testimonial_box_hidden_text\" id=\"element_aaa022b3352e3bf662171aafc71cd91d1810c169\"><div class=\"content_testimonial\"><p>Per noi F\u00fcrnitz \u00e8 un vero e proprio cardine e snodo per i nostri traffici fra Italia ed Austria e verso i paesi confinanti. Il sito di F\u00fcrnitz riveste per noi grande importanza come punto di intersezione fra le modalit\u00e0 di trasporto strada e rotaia nonch\u00e9 come punto ideale di consolidamento per i nostri treni completi provenienti da e diretti verso il sud Italia. Con il nostro deposito di trasbordo direttamente presso il terminal e la nostra sede attaccata siamo in grado di offrire ai nostri clienti tutti i servizi di logistica coinvolgendo differenti modi di trasporto.<\/p>\n<\/div><\/div><\/div>[\/vc_column][vc_column width=&#8221;1\/2&#8243;]<div class=\"lca_testimonial_box\"><div class=\"lca_testimonial_box_image\" id=\"0d3a2d44bbcbbb6ef38003e5047254c9f2742e5b\"><img loading=\"lazy\" decoding=\"async\" width=\"150\" height=\"150\" src=\"https:\/\/www.lca-sued.at\/wp-content\/uploads\/2023\/04\/DLH_05-150x150.jpg\" class=\"attachment-thumbnail size-thumbnail\" alt=\"\" \/><\/div><div class=\"lca_testimonial_box_text_wrapper\"  id=\"0d3a2d44bbcbbb6ef38003e5047254c9f2742e5b\"><div class=\"lca_testimonial_box_text\"><h2>Christian Vogt<\/h2><h3>Managing director DLH Real Estate Austria GmbH<\/h3><div class=\"lca_testimonial_button\">Details<\/div><\/div><\/div><div class=\"lca_testimonial_box_hidden_text\" id=\"element_0d3a2d44bbcbbb6ef38003e5047254c9f2742e5b\"><div class=\"content_testimonial\"><p>Per noi operatori nel settore immobiliare per la logistica la base del successo imprenditoriale \u00e8 identificare degli \u201chot spot\u201d per la logistica, dove costruire piattaforme intermodali all\u2019avanguardia che generino interesse e richieste.<\/p>\n<p>Grazie alla sua posizione lungo l\u2019asse Baltico-Adriatico ed alla presenza dello snodo ferroviario, l\u2019area compresa fra Villach e F\u00fcrnitz \u00e8 una location con ottime prospettive future. Un\u2019ulteriore punto a favore \u00e8 il supporto che \u201cLCA\u201d pu\u00f2 fornire direttamente sul posto. Siamo convinti che immobili destinati alla logistica, moderni e costruiti in modo sostenibile, possano offrire un\u2019ottima base di crescita rafforzando dal punto di vista economico tutti i siti circostanti.<\/p>\n<\/div><\/div><\/div>[\/vc_column][\/vc_row][vc_row gap=&#8221;35&#8243;][vc_column width=&#8221;1\/2&#8243;]<div class=\"lca_testimonial_box\"><div class=\"lca_testimonial_box_image\" id=\"67ceec57ec09c085ebeed005749fc3cbcddf09c7\"><img loading=\"lazy\" decoding=\"async\" width=\"150\" height=\"150\" src=\"https:\/\/www.lca-sued.at\/wp-content\/uploads\/2023\/07\/Erik-Leiss-150x150.jpg\" class=\"attachment-thumbnail size-thumbnail\" alt=\"\" \/><\/div><div class=\"lca_testimonial_box_text_wrapper\"  id=\"67ceec57ec09c085ebeed005749fc3cbcddf09c7\"><div class=\"lca_testimonial_box_text\"><h2>Erik Leiss<\/h2><h3>Managing Director \u00d6sterreich DB Schenker<\/h3><div class=\"lca_testimonial_button\">Details<\/div><\/div><\/div><div class=\"lca_testimonial_box_hidden_text\" id=\"element_67ceec57ec09c085ebeed005749fc3cbcddf09c7\"><div class=\"content_testimonial\"><p>Grazie alla sua eccellente posizione, ai buoni collegamenti con la rete ferroviaria, nonch\u00e9 con le autostrade centrali e i porti adriatici di Capodistria\/Trieste, il terminal Villach S\u00fcd F\u00fcrnitz funge da importante hub nell&#8217;Europa meridionale per DB Schenker e offre tutti i prerequisiti per offrire ai nostri clienti il \u200b\u200bmiglior servizio possibile. La sede di F\u00fcrnitz ha un enorme potenziale e offre un punto di partenza ideale e un punto di collegamento con tutta l&#8217;Europa per tutti i modi di trasporto &#8211; ferroviario, stradale e marittimo, il che significa che possiamo offrire ai nostri clienti soluzioni pi\u00f9 efficienti su tutte le vie di trasporto. Oltre al pi\u00f9 grande terminal per container dell&#8217;Austria meridionale, la sede dispone anche di un proprio ufficio doganale, un raccordo diretto e un punto di trasbordo per merci pesanti, il che significa che anche le esigenze individuali possono essere soddisfatte in modo ottimale.<\/p>\n<p>DB Schenker \u00e8 attiva in Carinzia da oltre 100 anni ed \u00e8 sempre stato importante per noi fornire all&#8217;economia carinziana le soluzioni di trasporto pi\u00f9 veloci e moderne. Il terminal logistico di F\u00fcrnitz continuer\u00e0 a garantire questo nel miglior modo possibile in futuro.<\/p>\n<\/div><\/div><\/div>[\/vc_column][vc_column width=&#8221;1\/2&#8243;]<div class=\"lca_testimonial_box\"><div class=\"lca_testimonial_box_image\" id=\"0e7d5b0582149d20b2093d2052837822e7f291fa\"><img loading=\"lazy\" decoding=\"async\" width=\"150\" height=\"150\" src=\"https:\/\/www.lca-sued.at\/wp-content\/uploads\/2023\/08\/meb19_2021-150x150.jpg\" class=\"attachment-thumbnail size-thumbnail\" alt=\"\" \/><\/div><div class=\"lca_testimonial_box_text_wrapper\"  id=\"0e7d5b0582149d20b2093d2052837822e7f291fa\"><div class=\"lca_testimonial_box_text\"><h2>Markus Ebner, MSc<\/h2><h3>Amministratore delegato Gebr\u00fcder Weiss GmbH | Maria Saal<\/h3><div class=\"lca_testimonial_button\">Details<\/div><\/div><\/div><div class=\"lca_testimonial_box_hidden_text\" id=\"element_0e7d5b0582149d20b2093d2052837822e7f291fa\"><div class=\"content_testimonial\"><p>Ogni giorno utilizziamo il terminal di Villach nell&#8217;interesse dei nostri clienti per trovare le migliori soluzioni possibili per tutte le sfide lungo la catena di fornitura dei nostri clienti nazionali e internazionali. La Carinzia \u00e8 una piazza economica estremamente attraente e sta diventando sempre pi\u00f9 importante nella competizione per le migliori sedi economiche. Procedure ufficiali rapide e semplici, collaborazione costruttiva con i comuni e lo Stato nonch\u00e9 un ambiente generale in cui conta ancora il motto: &#8220;Lavora dove gli altri vanno in vacanza&#8221;.<\/p>\n<p>F\u00fcrnitz e le sue infrastrutture rappresentano un pezzo di Carinzia le cui potenzialit\u00e0 necessitano di essere promosse e ampliate. Gebr\u00fcder Weiss Carinzia sostiene quindi tutte le iniziative volte a espandere ulteriormente la sede di F\u00fcrnitz, ma anche la Carinzia in generale come piazza economica, e a focalizzare l&#8217;attenzione delle aziende sulla grande attrattiva di questa regione.<\/p>\n<\/div><div class=\"content_company\"><h3>Firmenbeschreibung<\/h3>Gebr\u00fcder Weiss \u00e8 probabilmente la pi\u00f9 antica azienda di trasporti del mondo e pu\u00f2 vantare pi\u00f9 di 500 anni di storia. L'azienda logistica a servizio completo, nata dalla linea di corriere transalpina dalla regione del Lago di Costanza a Milano (\u201cMilan Messenger\u201d), opera ora in tutto il mondo. Oltre al classico trasporto terrestre (camion e ferrovia), il portafoglio comprende anche il trasporto aereo e marittimo, nonch\u00e9 soluzioni logistiche individuali per un'ampia variet\u00e0 di settori, dall'automotive all'high-tech. Tecnologie all'avanguardia e una rete fitta garantiscono standard di qualit\u00e0 uniformi, sia in Europa, Asia che all'estero.<\/p>\n<p>Gebr\u00fcder Weiss ha una filiale in Carinzia a Maria Saal dal 1992 e da allora non ha mai smesso di svilupparla.<\/div><\/div><\/div>[\/vc_column][\/vc_row]<\/p>\n<\/div>","protected":false},"excerpt":{"rendered":"<p>[vc_row][vc_column][vc_column_text] Storie di successo della Carinzia come sede logistica: Ogni anno accompagniamo le aziende e ci assicuriamo che la loro [&hellip;]<\/p>\n","protected":false},"author":1,"featured_media":0,"parent":0,"menu_order":0,"comment_status":"closed","ping_status":"closed","template":"","meta":{"_acf_changed":false,"footnotes":""},"class_list":["post-4993","page","type-page","status-publish","hentry"],"acf":[],"yoast_head":"<!-- This site is optimized with the Yoast SEO plugin v27.0 - https:\/\/yoast.com\/product\/yoast-seo-wordpress\/ -->\n<title>Storie di successo - LCA SUED<\/title>\n<meta name=\"robots\" content=\"index, follow, max-snippet:-1, max-image-preview:large, max-video-preview:-1\" \/>\n<link rel=\"canonical\" href=\"https:\/\/www.lca-sued.at\/it\/storie-di-successo-2\/\" \/>\n<meta property=\"og:locale\" content=\"it_IT\" \/>\n<meta property=\"og:type\" content=\"article\" \/>\n<meta property=\"og:title\" content=\"Storie di successo - LCA SUED\" \/>\n<meta property=\"og:description\" content=\"[vc_row][vc_column][vc_column_text] Storie di successo della Carinzia come sede logistica: Ogni anno accompagniamo le aziende e ci assicuriamo che la loro [&hellip;]\" \/>\n<meta property=\"og:url\" content=\"https:\/\/www.lca-sued.at\/it\/storie-di-successo-2\/\" \/>\n<meta property=\"og:site_name\" content=\"LCA SUED\" \/>\n<meta property=\"article:modified_time\" content=\"2023-09-06T11:53:29+00:00\" \/>\n<meta property=\"og:image\" content=\"https:\/\/www.lca-sued.at\/wp-content\/uploads\/2022\/02\/lca-slider-2022.jpg\" \/>\n\t<meta property=\"og:image:width\" content=\"1024\" \/>\n\t<meta property=\"og:image:height\" content=\"486\" \/>\n\t<meta property=\"og:image:type\" content=\"image\/jpeg\" \/>\n<meta name=\"twitter:card\" content=\"summary_large_image\" \/>\n<meta name=\"twitter:label1\" content=\"Tempo di lettura stimato\" \/>\n\t<meta name=\"twitter:data1\" content=\"8 minuti\" \/>\n<script type=\"application\/ld+json\" class=\"yoast-schema-graph\">{\"@context\":\"https:\/\/schema.org\",\"@graph\":[{\"@type\":\"WebPage\",\"@id\":\"https:\/\/www.lca-sued.at\/it\/storie-di-successo-2\/\",\"url\":\"https:\/\/www.lca-sued.at\/it\/storie-di-successo-2\/\",\"name\":\"Storie di successo - LCA SUED\",\"isPartOf\":{\"@id\":\"https:\/\/www.lca-sued.at\/#website\"},\"datePublished\":\"2023-01-15T14:33:17+00:00\",\"dateModified\":\"2023-09-06T11:53:29+00:00\",\"breadcrumb\":{\"@id\":\"https:\/\/www.lca-sued.at\/it\/storie-di-successo-2\/#breadcrumb\"},\"inLanguage\":\"it-IT\",\"potentialAction\":[{\"@type\":\"ReadAction\",\"target\":[\"https:\/\/www.lca-sued.at\/it\/storie-di-successo-2\/\"]}]},{\"@type\":\"BreadcrumbList\",\"@id\":\"https:\/\/www.lca-sued.at\/it\/storie-di-successo-2\/#breadcrumb\",\"itemListElement\":[{\"@type\":\"ListItem\",\"position\":1,\"name\":\"Startseite\",\"item\":\"https:\/\/www.lca-sued.at\/it\/\"},{\"@type\":\"ListItem\",\"position\":2,\"name\":\"Storie di successo\"}]},{\"@type\":\"WebSite\",\"@id\":\"https:\/\/www.lca-sued.at\/#website\",\"url\":\"https:\/\/www.lca-sued.at\/\",\"name\":\"LCA SUED\",\"description\":\"LCA SUED\",\"publisher\":{\"@id\":\"https:\/\/www.lca-sued.at\/#organization\"},\"potentialAction\":[{\"@type\":\"SearchAction\",\"target\":{\"@type\":\"EntryPoint\",\"urlTemplate\":\"https:\/\/www.lca-sued.at\/?s={search_term_string}\"},\"query-input\":{\"@type\":\"PropertyValueSpecification\",\"valueRequired\":true,\"valueName\":\"search_term_string\"}}],\"inLanguage\":\"it-IT\"},{\"@type\":\"Organization\",\"@id\":\"https:\/\/www.lca-sued.at\/#organization\",\"name\":\"LCA SUED\",\"url\":\"https:\/\/www.lca-sued.at\/\",\"logo\":{\"@type\":\"ImageObject\",\"inLanguage\":\"it-IT\",\"@id\":\"https:\/\/www.lca-sued.at\/#\/schema\/logo\/image\/\",\"url\":\"https:\/\/www.lca-sued.at\/wp-content\/uploads\/2017\/08\/lca_logo.png\",\"contentUrl\":\"https:\/\/www.lca-sued.at\/wp-content\/uploads\/2017\/08\/lca_logo.png\",\"width\":167,\"height\":108,\"caption\":\"LCA SUED\"},\"image\":{\"@id\":\"https:\/\/www.lca-sued.at\/#\/schema\/logo\/image\/\"},\"sameAs\":[\"https:\/\/www.linkedin.com\/company\/lca-south\/\"]}]}<\/script>\n<!-- \/ Yoast SEO plugin. -->","yoast_head_json":{"title":"Storie di successo - LCA SUED","robots":{"index":"index","follow":"follow","max-snippet":"max-snippet:-1","max-image-preview":"max-image-preview:large","max-video-preview":"max-video-preview:-1"},"canonical":"https:\/\/www.lca-sued.at\/it\/storie-di-successo-2\/","og_locale":"it_IT","og_type":"article","og_title":"Storie di successo - LCA SUED","og_description":"[vc_row][vc_column][vc_column_text] Storie di successo della Carinzia come sede logistica: Ogni anno accompagniamo le aziende e ci assicuriamo che la loro [&hellip;]","og_url":"https:\/\/www.lca-sued.at\/it\/storie-di-successo-2\/","og_site_name":"LCA SUED","article_modified_time":"2023-09-06T11:53:29+00:00","og_image":[{"width":1024,"height":486,"url":"https:\/\/www.lca-sued.at\/wp-content\/uploads\/2022\/02\/lca-slider-2022.jpg","type":"image\/jpeg"}],"twitter_card":"summary_large_image","twitter_misc":{"Tempo di lettura stimato":"8 minuti"},"schema":{"@context":"https:\/\/schema.org","@graph":[{"@type":"WebPage","@id":"https:\/\/www.lca-sued.at\/it\/storie-di-successo-2\/","url":"https:\/\/www.lca-sued.at\/it\/storie-di-successo-2\/","name":"Storie di successo - LCA SUED","isPartOf":{"@id":"https:\/\/www.lca-sued.at\/#website"},"datePublished":"2023-01-15T14:33:17+00:00","dateModified":"2023-09-06T11:53:29+00:00","breadcrumb":{"@id":"https:\/\/www.lca-sued.at\/it\/storie-di-successo-2\/#breadcrumb"},"inLanguage":"it-IT","potentialAction":[{"@type":"ReadAction","target":["https:\/\/www.lca-sued.at\/it\/storie-di-successo-2\/"]}]},{"@type":"BreadcrumbList","@id":"https:\/\/www.lca-sued.at\/it\/storie-di-successo-2\/#breadcrumb","itemListElement":[{"@type":"ListItem","position":1,"name":"Startseite","item":"https:\/\/www.lca-sued.at\/it\/"},{"@type":"ListItem","position":2,"name":"Storie di successo"}]},{"@type":"WebSite","@id":"https:\/\/www.lca-sued.at\/#website","url":"https:\/\/www.lca-sued.at\/","name":"LCA SUED","description":"LCA SUED","publisher":{"@id":"https:\/\/www.lca-sued.at\/#organization"},"potentialAction":[{"@type":"SearchAction","target":{"@type":"EntryPoint","urlTemplate":"https:\/\/www.lca-sued.at\/?s={search_term_string}"},"query-input":{"@type":"PropertyValueSpecification","valueRequired":true,"valueName":"search_term_string"}}],"inLanguage":"it-IT"},{"@type":"Organization","@id":"https:\/\/www.lca-sued.at\/#organization","name":"LCA SUED","url":"https:\/\/www.lca-sued.at\/","logo":{"@type":"ImageObject","inLanguage":"it-IT","@id":"https:\/\/www.lca-sued.at\/#\/schema\/logo\/image\/","url":"https:\/\/www.lca-sued.at\/wp-content\/uploads\/2017\/08\/lca_logo.png","contentUrl":"https:\/\/www.lca-sued.at\/wp-content\/uploads\/2017\/08\/lca_logo.png","width":167,"height":108,"caption":"LCA SUED"},"image":{"@id":"https:\/\/www.lca-sued.at\/#\/schema\/logo\/image\/"},"sameAs":["https:\/\/www.linkedin.com\/company\/lca-south\/"]}]}},"_links":{"self":[{"href":"https:\/\/www.lca-sued.at\/it\/wp-json\/wp\/v2\/pages\/4993","targetHints":{"allow":["GET"]}}],"collection":[{"href":"https:\/\/www.lca-sued.at\/it\/wp-json\/wp\/v2\/pages"}],"about":[{"href":"https:\/\/www.lca-sued.at\/it\/wp-json\/wp\/v2\/types\/page"}],"author":[{"embeddable":true,"href":"https:\/\/www.lca-sued.at\/it\/wp-json\/wp\/v2\/users\/1"}],"replies":[{"embeddable":true,"href":"https:\/\/www.lca-sued.at\/it\/wp-json\/wp\/v2\/comments?post=4993"}],"version-history":[{"count":8,"href":"https:\/\/www.lca-sued.at\/it\/wp-json\/wp\/v2\/pages\/4993\/revisions"}],"predecessor-version":[{"id":5647,"href":"https:\/\/www.lca-sued.at\/it\/wp-json\/wp\/v2\/pages\/4993\/revisions\/5647"}],"wp:attachment":[{"href":"https:\/\/www.lca-sued.at\/it\/wp-json\/wp\/v2\/media?parent=4993"}],"curies":[{"name":"wp","href":"https:\/\/api.w.org\/{rel}","templated":true}]}}