{"id":4884,"date":"2023-05-04T13:54:12","date_gmt":"2023-05-04T11:54:12","guid":{"rendered":"https:\/\/www.lca-sued.at\/?page_id=4884"},"modified":"2023-05-19T11:32:09","modified_gmt":"2023-05-19T09:32:09","slug":"perche-fuernitz","status":"publish","type":"page","link":"https:\/\/www.lca-sued.at\/it\/posizione\/perche-fuernitz\/","title":{"rendered":"Perch\u00e9 Fuernitz"},"content":{"rendered":"<div class=\"wpb-content-wrapper\"><p>[vc_row css=&#8221;.vc_custom_1676378447858{padding-top: 30px !important;padding-bottom: 30px !important;background-image: url(https:\/\/www.lca-sued.at\/wp-content\/uploads\/2017\/08\/bg_logo.jpg?id=57) !important;background-position: center !important;background-repeat: no-repeat !important;background-size: cover !important;}&#8221; el_class=&#8221;padding_80px&#8221;][vc_column][vc_column_text]<\/p>\n<h2 style=\"text-align: center;\">Perch\u00e9 Fuernitz<\/h2>\n<p>[\/vc_column_text][vc_row_inner gap=&#8221;35&#8243; css=&#8221;.vc_custom_1676378439175{padding-top: 10px !important;padding-right: 10px !important;padding-bottom: 10px !important;padding-left: 10px !important;}&#8221;][vc_column_inner width=&#8221;1\/2&#8243;][vc_column_text]Una logistica efficiente \u00e8 molto pi\u00f9 che consegnare le merci giuste nel posto giusto al momento giusto. La logistica \u00e8 un settore che si basa su movimento, velocit\u00e0 e ottimizzazione. Con flussi di merci ottimizzati e concetti di trasporto individuali, l&#8217;hub Logistik Center Austria S\u00fcd soddisfa le crescenti esigenze del nostro tempo in termini di velocit\u00e0, flessibilit\u00e0, sicurezza, qualit\u00e0 e sostenibilit\u00e0, ma soprattutto affidabilit\u00e0.<\/p>\n<p>La posizione centrale in Europa, la storica funzione di testa di ponte verso l&#8217;Europa orientale e sud-orientale e le moderne infrastrutture rendono l&#8217;Austria e lo stato federale della Carinzia una importante localizzazione logistica. L&#8217;importanza dell&#8217;Austria come location logistica va ben oltre i confini nazionali. Numerose aziende internazionali hanno da tempo riconosciuto il potenziale e hanno scelto l&#8217;Austria e la Carinzia come centro di distribuzione e sede aziendale. L&#8217;eccellente posizione geografica consente alla Carinzia di fungere da hub tra est e ovest nonch\u00e9 tra nord e sud nel traffico internazionale di merci.[\/vc_column_text][\/vc_column_inner][vc_column_inner width=&#8221;1\/2&#8243;][vc_column_text]La giusta collocazione determina il successo di un&#8217;azienda. In qualit\u00e0 di agenzia di localizzazione regionale dell&#8217;unico centro logistico con orientamento internazionale in Carinzia, LCA-S\u00fcd, e in qualit\u00e0 di agenzia di competenza per la regione logistica della Carinzia, LCA Logistik Center Austria S\u00fcd GmbH (LCAS) \u00e8 il primo punto di contatto per le e aziende straniere che cercano di stabilirsi a F\u00fcrnitz o in Carinzia &#8211; in quest&#8217;ultimo caso nel settore della logistica e della mobilit\u00e0.[\/vc_column_text][\/vc_column_inner][\/vc_row_inner][\/vc_column][\/vc_row][vc_row][vc_column][vc_empty_space][vc_video link=&#8221;https:\/\/vimeo.com\/817221540&#8243;][vc_empty_space][\/vc_column][\/vc_row][vc_row el_class=&#8221;padding_80px&#8221;][vc_column][vc_column_text]<\/p>\n<h2>UNA PANORAMICA DI VANTAGGI<\/h2>\n<p>[\/vc_column_text][\/vc_column][\/vc_row][vc_row css=&#8221;.vc_custom_1668410497873{padding-top: 30px !important;padding-bottom: 30px !important;}&#8221; el_class=&#8221;padding_80px&#8221;][vc_column width=&#8221;1\/2&#8243;][vc_column_text]<\/p>\n<h3>LA LOCATION LOGISTICA DELLA CARINZIA<\/h3>\n<ul>\n<li>Stabilit\u00e0 politica e sociale con un basso tasso di criminalit\u00e0<\/li>\n<li>Condizioni favorevoli alle imprese<\/li>\n<li>Sicurezza dell&#8217;approvvigionamento energetico e prezzi competitivi dell&#8217;elettricit\u00e0 industriale<\/li>\n<li>Spazio industriale e commerciale completamente sviluppato nella migliore posizione ed a condizioni interessanti<\/li>\n<li>Dipendenti (altamente) qualificati, formazione orientata alla pratica<\/li>\n<li>Scuola internazionale<\/li>\n<li>Eccellenti competenze linguistiche (ad es. inglese, italiano, sloveno)<\/li>\n<li>Elevata produttivit\u00e0 e motivazione al lavoro con costi salariali moderati<\/li>\n<li>Modelli flessibili di diritto del lavoro e un basso tasso di sciopero<\/li>\n<li>Alta qualit\u00e0 di vita<\/li>\n<\/ul>\n<p>[\/vc_column_text][\/vc_column][vc_column width=&#8221;1\/2&#8243;][vc_column_text]<\/p>\n<h3>IL POLO LOGISTICO F\u00dcRNITZ<\/h3>\n<p>La piattaforma logistica ed economica della regione Alpe-Adria<\/p>\n<ul>\n<li>1\u00b0 Corridoio doganale ferroviario transfrontaliero in Europa tra il porto di Trieste e l&#8217;hub logistico LCA-S\u00fcd a F\u00fcrnitz<\/li>\n<li>Accessibilit\u00e0 internazionale attraverso aeroporti e porti nelle immediate vicinanze:\n<ul>\n<li>Aeroporto di Klagenfurt, 45 km<\/li>\n<li>Aeroporto di Graz, 120 km<\/li>\n<li>Aeroporto di Lubiana (Slovenia), 80 km<\/li>\n<li>Svincolo autostradale Villach (Italia, Slovenia, Germania, Vienna), 0,5 km<\/li>\n<\/ul>\n<\/li>\n<li>Collegamento ottimale con i porti adriatici di Trieste, Venezia, Ravenna, Capodistria e Fiume (la distanza pi\u00f9 breve tra l&#8217;Europa occidentale e l&#8217;Asia)<\/li>\n<li>Posizione all&#8217;intersezione del corridoio Western-Alpine Balkan, dell&#8217;asse baltico-adriatico e dell&#8217;area economica della Germania meridionale<\/li>\n<li>Collegamento ottimale con le regioni produttive dell&#8217;Est Europa<\/li>\n<li>Terminal intermodale della \u00d6BB Infrastruktur<\/li>\n<li>Grande scalo di smistamento della \u00d6BB Infrastruktur<\/li>\n<\/ul>\n<p>[\/vc_column_text][\/vc_column][\/vc_row][vc_row css=&#8221;.vc_custom_1503235645438{padding-right: 80px !important;padding-left: 80px !important;}&#8221;][vc_column][vc_separator color=&#8221;custom&#8221; accent_color=&#8221;#009adf&#8221;][\/vc_column][\/vc_row][vc_row el_class=&#8221;padding_80px&#8221;][vc_column][vc_column_text]Interessato? Non vediamo l&#8217;ora di sentirti e di supportarti nell&#8217;implementazione del tuo progetto in Carinzia: <a href=\"mailto:office@lca-sued.at\">office@lca-sued.at<\/a>[\/vc_column_text][vc_single_image image=&#8221;4191&#8243; img_size=&#8221;large&#8221; alignment=&#8221;center&#8221; style=&#8221;vc_box_rounded&#8221;][vc_column_text]Foto: \u00d6BB|Hofmann[\/vc_column_text][\/vc_column][\/vc_row]<\/p>\n<\/div>","protected":false},"excerpt":{"rendered":"<p>[vc_row css=&#8221;.vc_custom_1676378447858{padding-top: 30px !important;padding-bottom: 30px !important;background-image: url(https:\/\/www.lca-sued.at\/wp-content\/uploads\/2017\/08\/bg_logo.jpg?id=57) !important;background-position: center !important;background-repeat: no-repeat !important;background-size: cover !important;}&#8221; el_class=&#8221;padding_80px&#8221;][vc_column][vc_column_text] Perch\u00e9 Fuernitz [\/vc_column_text][vc_row_inner gap=&#8221;35&#8243; css=&#8221;.vc_custom_1676378439175{padding-top: [&hellip;]<\/p>\n","protected":false},"author":1,"featured_media":0,"parent":933,"menu_order":0,"comment_status":"closed","ping_status":"closed","template":"","meta":{"_acf_changed":false,"footnotes":""},"class_list":["post-4884","page","type-page","status-publish","hentry"],"acf":[],"yoast_head":"<!-- This site is optimized with the Yoast SEO plugin v27.0 - https:\/\/yoast.com\/product\/yoast-seo-wordpress\/ -->\n<title>Perch\u00e9 Fuernitz - LCA SUED<\/title>\n<meta name=\"robots\" content=\"index, follow, max-snippet:-1, max-image-preview:large, max-video-preview:-1\" \/>\n<link rel=\"canonical\" href=\"https:\/\/www.lca-sued.at\/it\/posizione\/perche-fuernitz\/\" \/>\n<meta property=\"og:locale\" content=\"it_IT\" \/>\n<meta property=\"og:type\" content=\"article\" \/>\n<meta property=\"og:title\" content=\"Perch\u00e9 Fuernitz - LCA SUED\" \/>\n<meta property=\"og:description\" content=\"[vc_row css=&#8221;.vc_custom_1676378447858{padding-top: 30px !important;padding-bottom: 30px !important;background-image: url(https:\/\/www.lca-sued.at\/wp-content\/uploads\/2017\/08\/bg_logo.jpg?id=57) !important;background-position: center !important;background-repeat: no-repeat !important;background-size: cover !important;}&#8221; el_class=&#8221;padding_80px&#8221;][vc_column][vc_column_text] Perch\u00e9 Fuernitz [\/vc_column_text][vc_row_inner gap=&#8221;35&#8243; css=&#8221;.vc_custom_1676378439175{padding-top: [&hellip;]\" \/>\n<meta property=\"og:url\" content=\"https:\/\/www.lca-sued.at\/it\/posizione\/perche-fuernitz\/\" \/>\n<meta property=\"og:site_name\" content=\"LCA SUED\" \/>\n<meta property=\"article:modified_time\" content=\"2023-05-19T09:32:09+00:00\" \/>\n<meta property=\"og:image\" content=\"https:\/\/www.lca-sued.at\/wp-content\/uploads\/2022\/02\/lca-slider-2022.jpg\" \/>\n\t<meta property=\"og:image:width\" content=\"1024\" \/>\n\t<meta property=\"og:image:height\" content=\"486\" \/>\n\t<meta property=\"og:image:type\" content=\"image\/jpeg\" \/>\n<meta name=\"twitter:card\" content=\"summary_large_image\" \/>\n<meta name=\"twitter:label1\" content=\"Tempo di lettura stimato\" \/>\n\t<meta name=\"twitter:data1\" content=\"3 minuti\" \/>\n<script type=\"application\/ld+json\" class=\"yoast-schema-graph\">{\"@context\":\"https:\/\/schema.org\",\"@graph\":[{\"@type\":\"WebPage\",\"@id\":\"https:\/\/www.lca-sued.at\/it\/posizione\/perche-fuernitz\/\",\"url\":\"https:\/\/www.lca-sued.at\/it\/posizione\/perche-fuernitz\/\",\"name\":\"Perch\u00e9 Fuernitz - LCA SUED\",\"isPartOf\":{\"@id\":\"https:\/\/www.lca-sued.at\/#website\"},\"datePublished\":\"2023-05-04T11:54:12+00:00\",\"dateModified\":\"2023-05-19T09:32:09+00:00\",\"breadcrumb\":{\"@id\":\"https:\/\/www.lca-sued.at\/it\/posizione\/perche-fuernitz\/#breadcrumb\"},\"inLanguage\":\"it-IT\",\"potentialAction\":[{\"@type\":\"ReadAction\",\"target\":[\"https:\/\/www.lca-sued.at\/it\/posizione\/perche-fuernitz\/\"]}]},{\"@type\":\"BreadcrumbList\",\"@id\":\"https:\/\/www.lca-sued.at\/it\/posizione\/perche-fuernitz\/#breadcrumb\",\"itemListElement\":[{\"@type\":\"ListItem\",\"position\":1,\"name\":\"Startseite\",\"item\":\"https:\/\/www.lca-sued.at\/it\/\"},{\"@type\":\"ListItem\",\"position\":2,\"name\":\"Posizione\",\"item\":\"https:\/\/www.lca-sued.at\/it\/posizione\/\"},{\"@type\":\"ListItem\",\"position\":3,\"name\":\"Perch\u00e9 Fuernitz\"}]},{\"@type\":\"WebSite\",\"@id\":\"https:\/\/www.lca-sued.at\/#website\",\"url\":\"https:\/\/www.lca-sued.at\/\",\"name\":\"LCA SUED\",\"description\":\"LCA SUED\",\"publisher\":{\"@id\":\"https:\/\/www.lca-sued.at\/#organization\"},\"potentialAction\":[{\"@type\":\"SearchAction\",\"target\":{\"@type\":\"EntryPoint\",\"urlTemplate\":\"https:\/\/www.lca-sued.at\/?s={search_term_string}\"},\"query-input\":{\"@type\":\"PropertyValueSpecification\",\"valueRequired\":true,\"valueName\":\"search_term_string\"}}],\"inLanguage\":\"it-IT\"},{\"@type\":\"Organization\",\"@id\":\"https:\/\/www.lca-sued.at\/#organization\",\"name\":\"LCA SUED\",\"url\":\"https:\/\/www.lca-sued.at\/\",\"logo\":{\"@type\":\"ImageObject\",\"inLanguage\":\"it-IT\",\"@id\":\"https:\/\/www.lca-sued.at\/#\/schema\/logo\/image\/\",\"url\":\"https:\/\/www.lca-sued.at\/wp-content\/uploads\/2017\/08\/lca_logo.png\",\"contentUrl\":\"https:\/\/www.lca-sued.at\/wp-content\/uploads\/2017\/08\/lca_logo.png\",\"width\":167,\"height\":108,\"caption\":\"LCA SUED\"},\"image\":{\"@id\":\"https:\/\/www.lca-sued.at\/#\/schema\/logo\/image\/\"},\"sameAs\":[\"https:\/\/www.linkedin.com\/company\/lca-south\/\"]}]}<\/script>\n<!-- \/ Yoast SEO plugin. -->","yoast_head_json":{"title":"Perch\u00e9 Fuernitz - LCA SUED","robots":{"index":"index","follow":"follow","max-snippet":"max-snippet:-1","max-image-preview":"max-image-preview:large","max-video-preview":"max-video-preview:-1"},"canonical":"https:\/\/www.lca-sued.at\/it\/posizione\/perche-fuernitz\/","og_locale":"it_IT","og_type":"article","og_title":"Perch\u00e9 Fuernitz - LCA SUED","og_description":"[vc_row css=&#8221;.vc_custom_1676378447858{padding-top: 30px !important;padding-bottom: 30px !important;background-image: url(https:\/\/www.lca-sued.at\/wp-content\/uploads\/2017\/08\/bg_logo.jpg?id=57) !important;background-position: center !important;background-repeat: no-repeat !important;background-size: cover !important;}&#8221; el_class=&#8221;padding_80px&#8221;][vc_column][vc_column_text] Perch\u00e9 Fuernitz [\/vc_column_text][vc_row_inner gap=&#8221;35&#8243; css=&#8221;.vc_custom_1676378439175{padding-top: [&hellip;]","og_url":"https:\/\/www.lca-sued.at\/it\/posizione\/perche-fuernitz\/","og_site_name":"LCA SUED","article_modified_time":"2023-05-19T09:32:09+00:00","og_image":[{"width":1024,"height":486,"url":"https:\/\/www.lca-sued.at\/wp-content\/uploads\/2022\/02\/lca-slider-2022.jpg","type":"image\/jpeg"}],"twitter_card":"summary_large_image","twitter_misc":{"Tempo di lettura stimato":"3 minuti"},"schema":{"@context":"https:\/\/schema.org","@graph":[{"@type":"WebPage","@id":"https:\/\/www.lca-sued.at\/it\/posizione\/perche-fuernitz\/","url":"https:\/\/www.lca-sued.at\/it\/posizione\/perche-fuernitz\/","name":"Perch\u00e9 Fuernitz - LCA SUED","isPartOf":{"@id":"https:\/\/www.lca-sued.at\/#website"},"datePublished":"2023-05-04T11:54:12+00:00","dateModified":"2023-05-19T09:32:09+00:00","breadcrumb":{"@id":"https:\/\/www.lca-sued.at\/it\/posizione\/perche-fuernitz\/#breadcrumb"},"inLanguage":"it-IT","potentialAction":[{"@type":"ReadAction","target":["https:\/\/www.lca-sued.at\/it\/posizione\/perche-fuernitz\/"]}]},{"@type":"BreadcrumbList","@id":"https:\/\/www.lca-sued.at\/it\/posizione\/perche-fuernitz\/#breadcrumb","itemListElement":[{"@type":"ListItem","position":1,"name":"Startseite","item":"https:\/\/www.lca-sued.at\/it\/"},{"@type":"ListItem","position":2,"name":"Posizione","item":"https:\/\/www.lca-sued.at\/it\/posizione\/"},{"@type":"ListItem","position":3,"name":"Perch\u00e9 Fuernitz"}]},{"@type":"WebSite","@id":"https:\/\/www.lca-sued.at\/#website","url":"https:\/\/www.lca-sued.at\/","name":"LCA SUED","description":"LCA SUED","publisher":{"@id":"https:\/\/www.lca-sued.at\/#organization"},"potentialAction":[{"@type":"SearchAction","target":{"@type":"EntryPoint","urlTemplate":"https:\/\/www.lca-sued.at\/?s={search_term_string}"},"query-input":{"@type":"PropertyValueSpecification","valueRequired":true,"valueName":"search_term_string"}}],"inLanguage":"it-IT"},{"@type":"Organization","@id":"https:\/\/www.lca-sued.at\/#organization","name":"LCA SUED","url":"https:\/\/www.lca-sued.at\/","logo":{"@type":"ImageObject","inLanguage":"it-IT","@id":"https:\/\/www.lca-sued.at\/#\/schema\/logo\/image\/","url":"https:\/\/www.lca-sued.at\/wp-content\/uploads\/2017\/08\/lca_logo.png","contentUrl":"https:\/\/www.lca-sued.at\/wp-content\/uploads\/2017\/08\/lca_logo.png","width":167,"height":108,"caption":"LCA SUED"},"image":{"@id":"https:\/\/www.lca-sued.at\/#\/schema\/logo\/image\/"},"sameAs":["https:\/\/www.linkedin.com\/company\/lca-south\/"]}]}},"_links":{"self":[{"href":"https:\/\/www.lca-sued.at\/it\/wp-json\/wp\/v2\/pages\/4884","targetHints":{"allow":["GET"]}}],"collection":[{"href":"https:\/\/www.lca-sued.at\/it\/wp-json\/wp\/v2\/pages"}],"about":[{"href":"https:\/\/www.lca-sued.at\/it\/wp-json\/wp\/v2\/types\/page"}],"author":[{"embeddable":true,"href":"https:\/\/www.lca-sued.at\/it\/wp-json\/wp\/v2\/users\/1"}],"replies":[{"embeddable":true,"href":"https:\/\/www.lca-sued.at\/it\/wp-json\/wp\/v2\/comments?post=4884"}],"version-history":[{"count":7,"href":"https:\/\/www.lca-sued.at\/it\/wp-json\/wp\/v2\/pages\/4884\/revisions"}],"predecessor-version":[{"id":5042,"href":"https:\/\/www.lca-sued.at\/it\/wp-json\/wp\/v2\/pages\/4884\/revisions\/5042"}],"up":[{"embeddable":true,"href":"https:\/\/www.lca-sued.at\/it\/wp-json\/wp\/v2\/pages\/933"}],"wp:attachment":[{"href":"https:\/\/www.lca-sued.at\/it\/wp-json\/wp\/v2\/media?parent=4884"}],"curies":[{"name":"wp","href":"https:\/\/api.w.org\/{rel}","templated":true}]}}